{"id":48,"date":"2018-03-10T12:14:46","date_gmt":"2018-03-10T15:14:46","guid":{"rendered":"http:\/\/desexosisehabla.blog.unq.edu.ar\/?page_id=48"},"modified":"2018-04-11T23:17:34","modified_gmt":"2018-04-12T02:17:34","slug":"nosotrxs","status":"publish","type":"page","link":"http:\/\/desexosisehabla.blog.unq.edu.ar\/?page_id=48","title":{"rendered":"Nosotrxs"},"content":{"rendered":"<h1 style=\"text-align: center\"><span style=\"color: #ffff99\">El Equipo<\/span><\/h1>\n<table>\n<tbody>\n<tr>\n<td style=\"text-align: center\" colspan=\"2\">\n<h4><span style=\"color: #ffff99\">Autoridades:<\/span><\/h4>\n<\/td>\n<\/tr>\n<tr>\n<td>\n<p style=\"text-align: center\"><strong><img loading=\"lazy\" class=\"size-full wp-image-192 aligncenter\" src=\"http:\/\/desexosisehabla.blog.unq.edu.ar\/wp-content\/uploads\/sites\/109\/2018\/03\/gosende_icon.jpg\" alt=\"\" width=\"57\" height=\"79\" \/>Mg. Eduardo E. Gosende<\/strong><\/p>\n<p style=\"text-align: center\"><strong>Director del Proyecto<\/strong><\/p>\n<\/td>\n<td><strong>\u00a0<\/strong>Licenciado en Psicolog\u00eda (UBA); MPhil en Sociolog\u00eda (Goldsmiths College, Universidad de Londres). Tambi\u00e9n es Psicoanalista de APA (Asociaci\u00f3n Psicoanal\u00edtica Argentina). Es Profesor Asociado Regular de Psicolog\u00eda Social de la Universidad Nacional de Quilmes. Es capacitador y consultor del Programa ESI (Educaci\u00f3n Sexual Integral) del Ministerio de Educaci\u00f3n de Naci\u00f3n y de la Direcci\u00f3n de Psicolog\u00eda de la Provincia de Buenos Aires.\u00a0Cuenta con numerosas publicaciones de Libros, Cap\u00edtulos y Art\u00edculos cient\u00edficos.<\/td>\n<\/tr>\n<tr>\n<td>\n<p style=\"text-align: center\"><strong><img loading=\"lazy\" class=\"size-full wp-image-193 aligncenter\" src=\"http:\/\/desexosisehabla.blog.unq.edu.ar\/wp-content\/uploads\/sites\/109\/2018\/03\/carassai_icon.jpg\" alt=\"\" width=\"57\" height=\"81\" \/>Mg. Mariela Carassai<\/strong><\/p>\n<p style=\"text-align: center\"><strong>Co-Directora del proyecto<\/strong><\/p>\n<\/td>\n<td><strong>\u00a0<\/strong>Licenciada y Profesora en Educaci\u00f3n (UNQ). Especialista en Educaci\u00f3n, con Orientaci\u00f3n en Gesti\u00f3n Educativa, Universidad de San Andr\u00e9s. Ha trabajado en la Universidad Nacional de Quilmes desde 1998, en actividades Acad\u00e9micas y Administrativas del Departamento de Ciencias Sociales. Tambi\u00e9n ha dictado clases en Carreras relacionadas a Educaci\u00f3n en Universidades Privadas y ha desarrollado material educativo desde 2007. Se desempe\u00f1\u00f3 como capacitadora docente para la ense\u00f1anza en el nivel de educaci\u00f3n superior y se desempe\u00f1\u00f3 como Asesora Pedag\u00f3gica de TIC\u00b4s en el distrito de Quilmes entre 2006 y 2010. Desde el 2013, es Capacitadora del Programa de Formaci\u00f3n Permanente en el nivel secundario de la Provincia de Buenos Aires. Actualmente, es la Directora de la Licenciatura en Educaci\u00f3n, modalidad presencial de la UNQ.<\/td>\n<\/tr>\n<tr>\n<td style=\"text-align: center\" colspan=\"2\">\n<h4><strong><span style=\"color: #ffff99\">Integrantes:<\/span><\/strong><\/h4>\n<\/td>\n<\/tr>\n<tr>\n<td style=\"text-align: center\"><img loading=\"lazy\" class=\"size-full wp-image-194 aligncenter\" src=\"http:\/\/desexosisehabla.blog.unq.edu.ar\/wp-content\/uploads\/sites\/109\/2018\/03\/falvo_icon.jpg\" alt=\"\" width=\"57\" height=\"80\" \/><\/p>\n<p><strong>Lic. Claudia Patricia Falvo<\/strong><\/td>\n<td>\u00a0Lic. en Educaci\u00f3n (UNQ). Profesora en nivel inicial. Realiza investigaci\u00f3n en el marco del proyecto y coordina talleres de ESI.<\/td>\n<\/tr>\n<tr>\n<td style=\"text-align: center\"><img loading=\"lazy\" class=\"aligncenter wp-image-352\" src=\"http:\/\/desexosisehabla.blog.unq.edu.ar\/wp-content\/uploads\/sites\/109\/2018\/03\/iconomujer.png\" alt=\"\" width=\"68\" height=\"69\" srcset=\"http:\/\/desexosisehabla.blog.unq.edu.ar\/wp-content\/uploads\/sites\/109\/2018\/03\/iconomujer.png 512w, http:\/\/desexosisehabla.blog.unq.edu.ar\/wp-content\/uploads\/sites\/109\/2018\/03\/iconomujer-150x150.png 150w, http:\/\/desexosisehabla.blog.unq.edu.ar\/wp-content\/uploads\/sites\/109\/2018\/03\/iconomujer-300x300.png 300w\" sizes=\"(max-width: 68px) 100vw, 68px\" \/><\/p>\n<p><strong>Prof. Nerina G\u00f3mez<\/strong><\/td>\n<td>Profesora para la Ense\u00f1anza Primaria. Profesora en Ciencias Sociales (UNQ). Coordina talleres del proyecto.<\/td>\n<\/tr>\n<tr>\n<td style=\"text-align: center\"><img loading=\"lazy\" class=\"aligncenter wp-image-352\" src=\"http:\/\/desexosisehabla.blog.unq.edu.ar\/wp-content\/uploads\/sites\/109\/2018\/03\/iconomujer.png\" alt=\"\" width=\"68\" height=\"69\" srcset=\"http:\/\/desexosisehabla.blog.unq.edu.ar\/wp-content\/uploads\/sites\/109\/2018\/03\/iconomujer.png 512w, http:\/\/desexosisehabla.blog.unq.edu.ar\/wp-content\/uploads\/sites\/109\/2018\/03\/iconomujer-150x150.png 150w, http:\/\/desexosisehabla.blog.unq.edu.ar\/wp-content\/uploads\/sites\/109\/2018\/03\/iconomujer-300x300.png 300w\" sizes=\"(max-width: 68px) 100vw, 68px\" \/><\/p>\n<p><strong>Lic. Mar\u00eda Mercedes L\u00f3pez<\/strong><\/td>\n<td>\u00a0Licenciada y Profesora en Educaci\u00f3n (UNQ). Se ha especializado en Planeamiento y conducci\u00f3n de instituciones educativas y en Nuevas Infancias y Juventudes. Integra \u00a0el Programa de Investigaci\u00f3n \u201cDiscursos, pr\u00e1cticas e instituciones educativas\u201d. Dirige Proyectos de Pr\u00e1ctica Profesional para la docencia. Se dedica a la formaci\u00f3n de docentes en ISFDs, al\u00a0acompa\u00f1amiento\u00a0a la\u00a0gesti\u00f3n\u00a0institucional y a la capacitaci\u00f3n permanente de equipos docentes del nivel primario y secundario. Participa en programas de Mejora de la Formaci\u00f3n Docente.<\/td>\n<\/tr>\n<tr>\n<td style=\"text-align: center\"><img loading=\"lazy\" class=\"aligncenter wp-image-352\" src=\"http:\/\/desexosisehabla.blog.unq.edu.ar\/wp-content\/uploads\/sites\/109\/2018\/03\/iconomujer.png\" alt=\"\" width=\"68\" height=\"69\" srcset=\"http:\/\/desexosisehabla.blog.unq.edu.ar\/wp-content\/uploads\/sites\/109\/2018\/03\/iconomujer.png 512w, http:\/\/desexosisehabla.blog.unq.edu.ar\/wp-content\/uploads\/sites\/109\/2018\/03\/iconomujer-150x150.png 150w, http:\/\/desexosisehabla.blog.unq.edu.ar\/wp-content\/uploads\/sites\/109\/2018\/03\/iconomujer-300x300.png 300w\" sizes=\"(max-width: 68px) 100vw, 68px\" \/><\/p>\n<p><strong>Lic. Paola A. Mastrovincenzo<\/strong><\/td>\n<td>\u00a0Es Licenciada en Psicolog\u00eda con posgrados en orientaci\u00f3n vocacional y psicoan\u00e1lisis. Se desempe\u00f1a en el \u00e1rea de orientaci\u00f3n vocacional y tutor\u00edas de la UNQ. Coordina talleres del proyecto.<\/td>\n<\/tr>\n<tr>\n<td style=\"text-align: center\"><img loading=\"lazy\" class=\"aligncenter wp-image-352\" src=\"http:\/\/desexosisehabla.blog.unq.edu.ar\/wp-content\/uploads\/sites\/109\/2018\/03\/iconomujer.png\" alt=\"\" width=\"68\" height=\"69\" srcset=\"http:\/\/desexosisehabla.blog.unq.edu.ar\/wp-content\/uploads\/sites\/109\/2018\/03\/iconomujer.png 512w, http:\/\/desexosisehabla.blog.unq.edu.ar\/wp-content\/uploads\/sites\/109\/2018\/03\/iconomujer-150x150.png 150w, http:\/\/desexosisehabla.blog.unq.edu.ar\/wp-content\/uploads\/sites\/109\/2018\/03\/iconomujer-300x300.png 300w\" sizes=\"(max-width: 68px) 100vw, 68px\" \/><\/p>\n<p><strong>Lic. Gladys Moyano <\/strong><\/td>\n<td>Lic. en Enfermer\u00eda (UNLA). Docente de la materia \u00abCuidados Intensivos a Pacientes Adultos\u00bb en la Licenciatura en Enfermer\u00eda (UNQ).<\/td>\n<\/tr>\n<tr>\n<td style=\"text-align: center\"><img loading=\"lazy\" class=\"aligncenter wp-image-352\" src=\"http:\/\/desexosisehabla.blog.unq.edu.ar\/wp-content\/uploads\/sites\/109\/2018\/03\/iconomujer.png\" alt=\"\" width=\"68\" height=\"69\" srcset=\"http:\/\/desexosisehabla.blog.unq.edu.ar\/wp-content\/uploads\/sites\/109\/2018\/03\/iconomujer.png 512w, http:\/\/desexosisehabla.blog.unq.edu.ar\/wp-content\/uploads\/sites\/109\/2018\/03\/iconomujer-150x150.png 150w, http:\/\/desexosisehabla.blog.unq.edu.ar\/wp-content\/uploads\/sites\/109\/2018\/03\/iconomujer-300x300.png 300w\" sizes=\"(max-width: 68px) 100vw, 68px\" \/><\/p>\n<p><strong>Lic. Marcela Pagano<\/strong><\/td>\n<td>Licenciada en Ciencias Sociales y Humanidades con menci\u00f3n en Educaci\u00f3n, (UNQ). Operadora en psicolog\u00eda social (Escuela de Psicolog\u00eda Social del Sur).<br \/>\nMaestra especializada en Educaci\u00f3n Inicial (DGEyC).<\/td>\n<\/tr>\n<tr>\n<td style=\"text-align: center\"><img loading=\"lazy\" class=\"aligncenter size-full wp-image-362\" src=\"http:\/\/desexosisehabla.blog.unq.edu.ar\/wp-content\/uploads\/sites\/109\/2018\/03\/images-1-e1522271961356.png\" alt=\"\" width=\"58\" height=\"58\" \/><\/p>\n<p><strong>Mg. Carlos Gustavo Salm\u00fan Feij\u00f3o<\/strong><\/td>\n<td><strong>\u00a0 <\/strong>Licenciado en Ciencias Econ\u00f3micas de la Universidad de Paris 1; Mag\u00edster en Estudios\u00a0de las Sociedades Latinoamericanas y Econom\u00eda de la Universidad de Par\u00eds 3, Sorbonne Nouvelle y\u00a0Doctorante en esa misma Universidad. Es docente en la UNQ. Realiza investigaci\u00f3n y coordina talleres del proyecto.<\/td>\n<\/tr>\n<tr>\n<td style=\"text-align: center\"><img loading=\"lazy\" class=\"aligncenter wp-image-352\" src=\"http:\/\/desexosisehabla.blog.unq.edu.ar\/wp-content\/uploads\/sites\/109\/2018\/03\/iconomujer.png\" alt=\"\" width=\"68\" height=\"69\" srcset=\"http:\/\/desexosisehabla.blog.unq.edu.ar\/wp-content\/uploads\/sites\/109\/2018\/03\/iconomujer.png 512w, http:\/\/desexosisehabla.blog.unq.edu.ar\/wp-content\/uploads\/sites\/109\/2018\/03\/iconomujer-150x150.png 150w, http:\/\/desexosisehabla.blog.unq.edu.ar\/wp-content\/uploads\/sites\/109\/2018\/03\/iconomujer-300x300.png 300w\" sizes=\"(max-width: 68px) 100vw, 68px\" \/><\/p>\n<p><strong>Lic. Graciela Scar\u00edmbolo<\/strong><\/td>\n<td>Licenciada en Psicolog\u00eda, Licenciada en Psicolog\u00eda Educacional, Profesora de Psicolog\u00eda y Pedagog\u00eda General y Diferencial por la Universidad Cat\u00f3lica Argentina. Especializada en cl\u00ednica psicoanal\u00edtica. Es profesora adjunta en la UNQ.<\/td>\n<\/tr>\n<tr>\n<td style=\"text-align: center\"><img loading=\"lazy\" class=\"aligncenter wp-image-352\" src=\"http:\/\/desexosisehabla.blog.unq.edu.ar\/wp-content\/uploads\/sites\/109\/2018\/03\/iconomujer.png\" alt=\"\" width=\"68\" height=\"69\" srcset=\"http:\/\/desexosisehabla.blog.unq.edu.ar\/wp-content\/uploads\/sites\/109\/2018\/03\/iconomujer.png 512w, http:\/\/desexosisehabla.blog.unq.edu.ar\/wp-content\/uploads\/sites\/109\/2018\/03\/iconomujer-150x150.png 150w, http:\/\/desexosisehabla.blog.unq.edu.ar\/wp-content\/uploads\/sites\/109\/2018\/03\/iconomujer-300x300.png 300w\" sizes=\"(max-width: 68px) 100vw, 68px\" \/><\/p>\n<p><strong>Lic. Rosana Scialabba<\/strong><\/td>\n<td>\u00a0Lic. en Educaci\u00f3n (UNQ). Profesora para la ense\u00f1anza primaria. Actualmente cursa el Profesorado en Educaci\u00f3n de la UNQ. Diploma Superior en Educaci\u00f3n y Nuevas Tecnolog\u00edas (FLACSO).<\/td>\n<\/tr>\n<tr>\n<td style=\"text-align: center\" colspan=\"2\">\n<h4><span style=\"color: #ffff99\">Becarios:<\/span><\/h4>\n<\/td>\n<\/tr>\n<tr>\n<td style=\"text-align: center\"><img loading=\"lazy\" class=\"aligncenter wp-image-352\" src=\"http:\/\/desexosisehabla.blog.unq.edu.ar\/wp-content\/uploads\/sites\/109\/2018\/03\/iconomujer.png\" alt=\"\" width=\"68\" height=\"69\" srcset=\"http:\/\/desexosisehabla.blog.unq.edu.ar\/wp-content\/uploads\/sites\/109\/2018\/03\/iconomujer.png 512w, http:\/\/desexosisehabla.blog.unq.edu.ar\/wp-content\/uploads\/sites\/109\/2018\/03\/iconomujer-150x150.png 150w, http:\/\/desexosisehabla.blog.unq.edu.ar\/wp-content\/uploads\/sites\/109\/2018\/03\/iconomujer-300x300.png 300w\" sizes=\"(max-width: 68px) 100vw, 68px\" \/><\/p>\n<p><strong>Laura Ayala<\/strong><\/td>\n<td><\/td>\n<\/tr>\n<tr>\n<td style=\"text-align: center\"><img loading=\"lazy\" class=\"aligncenter size-full wp-image-350\" src=\"http:\/\/desexosisehabla.blog.unq.edu.ar\/wp-content\/uploads\/sites\/109\/2018\/03\/4x5bn.jpg\" alt=\"\" width=\"57\" height=\"81\" \/><\/p>\n<p><strong>Fernando E. S\u00e1nchez<\/strong><\/td>\n<td>\u00a0Estudiante de la Licenciatura y Profesorado en Ciencias Sociales (UNQ). Miembro de la ONG J\u00f3venes x la Diversidad (2009-2011) con trabajo en tem\u00e1ticas de diversidad sexual y DD.HH. en el GBA. Becario de extensi\u00f3n de la UNQ, ejerce sus labores en el proyecto. Colabora con el Proyecto de Extensi\u00f3n de la UNQ \u00abDe eso se TRATA\u00bb realizando talleres para la prevenci\u00f3n de la trata de personas.<\/td>\n<\/tr>\n<tr>\n<td style=\"text-align: center\" colspan=\"2\">\n<h4><span style=\"color: #ffff99\">Colaboradores:<\/span><\/h4>\n<\/td>\n<\/tr>\n<tr>\n<td style=\"text-align: center\"><img loading=\"lazy\" class=\"aligncenter wp-image-352\" src=\"http:\/\/desexosisehabla.blog.unq.edu.ar\/wp-content\/uploads\/sites\/109\/2018\/03\/iconomujer.png\" alt=\"\" width=\"68\" height=\"69\" srcset=\"http:\/\/desexosisehabla.blog.unq.edu.ar\/wp-content\/uploads\/sites\/109\/2018\/03\/iconomujer.png 512w, http:\/\/desexosisehabla.blog.unq.edu.ar\/wp-content\/uploads\/sites\/109\/2018\/03\/iconomujer-150x150.png 150w, http:\/\/desexosisehabla.blog.unq.edu.ar\/wp-content\/uploads\/sites\/109\/2018\/03\/iconomujer-300x300.png 300w\" sizes=\"(max-width: 68px) 100vw, 68px\" \/><\/p>\n<p>Silvina Recabarren<\/td>\n<td><\/td>\n<\/tr>\n<\/tbody>\n<\/table>\n<p>&nbsp;<\/p>\n<div id=\"attachment_54\" style=\"width: 215px\" class=\"wp-caption aligncenter\"><img aria-describedby=\"caption-attachment-54\" loading=\"lazy\" class=\"size-full wp-image-54\" src=\"http:\/\/desexosisehabla.blog.unq.edu.ar\/wp-content\/uploads\/sites\/109\/2018\/03\/nosotrxs1.jpg\" alt=\"\" width=\"205\" height=\"154\" \/><p id=\"caption-attachment-54\" class=\"wp-caption-text\">Eduardo, Mariela, Malala, Magali, Paola, Yamila y Gustavo<\/p><\/div>\n<h1 style=\"text-align: center\"><span style=\"color: #ffff99\">\u00a0<\/span><\/h1>\n<h3 style=\"text-align: center\"><\/h3>\n","protected":false},"excerpt":{"rendered":"<p>El Equipo Autoridades: Mg. Eduardo E. Gosende Director del Proyecto \u00a0Licenciado en Psicolog\u00eda (UBA); MPhil en Sociolog\u00eda (Goldsmiths College, Universidad de Londres). Tambi\u00e9n es Psicoanalista de APA (Asociaci\u00f3n Psicoanal\u00edtica Argentina). Es Profesor Asociado Regular de Psicolog\u00eda Social de la Universidad Nacional de Quilmes. Es capacitador y consultor del Programa ESI (Educaci\u00f3n Sexual Integral) del Ministerio [&hellip;]<\/p>\n","protected":false},"author":1844,"featured_media":0,"parent":0,"menu_order":0,"comment_status":"closed","ping_status":"closed","template":"","meta":[],"_links":{"self":[{"href":"http:\/\/desexosisehabla.blog.unq.edu.ar\/index.php?rest_route=\/wp\/v2\/pages\/48"}],"collection":[{"href":"http:\/\/desexosisehabla.blog.unq.edu.ar\/index.php?rest_route=\/wp\/v2\/pages"}],"about":[{"href":"http:\/\/desexosisehabla.blog.unq.edu.ar\/index.php?rest_route=\/wp\/v2\/types\/page"}],"author":[{"embeddable":true,"href":"http:\/\/desexosisehabla.blog.unq.edu.ar\/index.php?rest_route=\/wp\/v2\/users\/1844"}],"replies":[{"embeddable":true,"href":"http:\/\/desexosisehabla.blog.unq.edu.ar\/index.php?rest_route=%2Fwp%2Fv2%2Fcomments&post=48"}],"version-history":[{"count":29,"href":"http:\/\/desexosisehabla.blog.unq.edu.ar\/index.php?rest_route=\/wp\/v2\/pages\/48\/revisions"}],"predecessor-version":[{"id":433,"href":"http:\/\/desexosisehabla.blog.unq.edu.ar\/index.php?rest_route=\/wp\/v2\/pages\/48\/revisions\/433"}],"wp:attachment":[{"href":"http:\/\/desexosisehabla.blog.unq.edu.ar\/index.php?rest_route=%2Fwp%2Fv2%2Fmedia&parent=48"}],"curies":[{"name":"wp","href":"https:\/\/api.w.org\/{rel}","templated":true}]}}